{"id":73331,"date":"2018-10-23T22:42:43","date_gmt":"2018-10-23T20:42:43","guid":{"rendered":"https:\/\/trimakasi.eu\/product\/import-placeholder-for-73084\/"},"modified":"2026-08-12T00:40:40","modified_gmt":"2026-08-11T22:40:40","slug":"fluorit","status":"publish","type":"product","link":"https:\/\/trimakasi.eu\/hu\/product\/fluorite\/","title":{"rendered":"Fluorit kark\u00f6t\u0151"},"content":{"rendered":"<p>Minden fluorit gy\u00f6ngy term\u00e9szetesen egyedi \u2013 nincs k\u00e9t egyforma. Al\u00e1bb a k\u0151 teljes jelent\u00e9s\u00e9t olvashatja.<\/p>\n<h3>Fluorit \u2013 Jelent\u00e9s<\/h3>\n<p>A k\u0151 neve a latin \u201cfluere\u201d sz\u00f3b\u00f3l ered, ami \u201cfolyni\u201d jelent\u00e9s\u0171. A k\u0151 fizikai tulajdons\u00e1gai adt\u00e1k a tudom\u00e1nyos \u201cfluoreszcencia\u201d kifejez\u00e9st, amely az UV-f\u00e9nyre adott reakci\u00f3j\u00e1t jelenti.<\/p>\n<p>A fluorit a vil\u00e1g egyik legn\u00e9pszer\u0171bb krist\u00e1lydr\u00e1gak\u0151je \u2013 a geol\u00f3gusok sz\u00edne \u00e9s figyelemre m\u00e9lt\u00f3 k\u00f6b\u00f6s krist\u00e1lyszerkezete miatt szeretik, az alternat\u00edv gy\u00f3gy\u00edt\u00f3k pedig bels\u0151 rezg\u00e9sei miatt, amelyekr\u0151l azt mondj\u00e1k, hogy er\u0151sen rezon\u00e1l az emberi elm\u00e9vel. Energi\u00e1j\u00e1r\u00f3l \u00fagy tartj\u00e1k, hogy b\u00e9k\u00e9t \u00e9s stabilit\u00e1st hoz, seg\u00edtve a kaotikus, sz\u00e9tsz\u00f3rt energi\u00e1t a koherencia \u00e9s a harm\u00f3nia magasabb form\u00e1j\u00e1v\u00e1 alak\u00edtani. A fluoritot a gondolkod\u00e1s, a spiritualit\u00e1s, a koncentr\u00e1ci\u00f3 \u00e9s az egyens\u00faly t\u00e1mogat\u00f3 k\u0151j\u00e9nek tekintik az \u00e9let minden ter\u00fclet\u00e9n. \u00c1ll\u00edt\u00f3lag seg\u00edti az agy mindk\u00e9t f\u00e9ltek\u00e9j\u00e9nek harm\u00f3ni\u00e1ban val\u00f3 egy\u00fcttm\u0171k\u00f6d\u00e9s\u00e9t, \u00f6szt\u00f6nzi a kreativit\u00e1st \u00e9s megk\u00f6nny\u00edti az \u00f6sszetett probl\u00e9m\u00e1k megold\u00e1s\u00e1t.<\/p>\n<p><strong>Lila fluorit<\/strong> \u00c1ll\u00edt\u00f3lag t\u00e1mogatja az intu\u00edci\u00f3t, \u00e9s csod\u00e1latos k\u0151nek tartj\u00e1k a medit\u00e1ci\u00f3hoz \u00e9s a ment\u00e1lis fejl\u0151d\u00e9shez. Energi\u00e1j\u00e1r\u00f3l \u00fagy tartj\u00e1k, hogy oldja a stresszt \u00e9s a spiritu\u00e1lis kellemetlens\u00e9geket, \u00e9s v\u00e9d\u0151 \u201c\u00e1lomk\u0151k\u00e9nt\u201d haszn\u00e1lhat\u00f3 a rossz \u00e1lmok elh\u00e1r\u00edt\u00e1s\u00e1ra alv\u00e1s k\u00f6zben. Harmoniz\u00e1lja a Harmadik Szem csakr\u00e1t.<\/p>\n<p><a href=\"https:\/\/trimakasi.eu\/wp-content\/uploads\/\u010dakra6.jpg\"><img loading=\"lazy\" decoding=\"async\" class=\"alignnone size-full wp-image-83566\" src=\"https:\/\/trimakasi.eu\/wp-content\/uploads\/2020\/07\/\u010dakra4.jpg\" alt=\"Sz\u00edvcsakra\" width=\"79\" height=\"93\" srcset=\"https:\/\/trimakasi.eu\/wp-content\/uploads\/2020\/07\/\u010dakra4.jpg 79w, https:\/\/trimakasi.eu\/wp-content\/uploads\/2020\/07\/\u010dakra4-10x12.jpg 10w\" sizes=\"auto, (max-width: 79px) 100vw, 79px\" \/> <img loading=\"lazy\" decoding=\"async\" class=\"alignnone size-full wp-image-138515\" src=\"https:\/\/trimakasi.eu\/wp-content\/uploads\/\u010dakra5.jpg\" alt=\"Torokcsakra\" width=\"81\" height=\"87\" srcset=\"https:\/\/trimakasi.eu\/wp-content\/uploads\/\u010dakra5.jpg 81w, https:\/\/trimakasi.eu\/wp-content\/uploads\/\u010dakra5-11x12.jpg 11w\" sizes=\"auto, (max-width: 81px) 100vw, 81px\" \/> <img loading=\"lazy\" decoding=\"async\" class=\"alignnone size-full wp-image-138516\" src=\"https:\/\/trimakasi.eu\/wp-content\/uploads\/\u010dakra6.jpg\" alt=\"Harmadik szem csakra:\" width=\"103\" height=\"98\" srcset=\"https:\/\/trimakasi.eu\/wp-content\/uploads\/\u010dakra6.jpg 103w, https:\/\/trimakasi.eu\/wp-content\/uploads\/\u010dakra6-13x12.jpg 13w\" sizes=\"auto, (max-width: 103px) 100vw, 103px\" \/> <img loading=\"lazy\" decoding=\"async\" class=\"alignnone size-full wp-image-132743\" src=\"https:\/\/trimakasi.eu\/wp-content\/uploads\/crown-chakra.jpg\" alt=\"Koronacsakra:\" width=\"92\" height=\"102\" srcset=\"https:\/\/trimakasi.eu\/wp-content\/uploads\/crown-chakra.jpg 92w, https:\/\/trimakasi.eu\/wp-content\/uploads\/crown-chakra-11x12.jpg 11w\" sizes=\"auto, (max-width: 92px) 100vw, 92px\" \/><\/a><\/p>\n<p><strong>Z\u00f6ld fluorit<\/strong> \u00c1ll\u00edt\u00f3lag seg\u00edt megtiszt\u00edtani a felesleges energi\u00e1t, \u00faj \u00f6tleteket \u00e9breszteni \u00e9s felgyors\u00edtani a gondolkod\u00e1st. Tiszt\u00edt\u00f3k\u0151k\u00e9nt is haszn\u00e1lhat\u00f3 a negat\u00edv energia felold\u00e1s\u00e1ra, az \u00e9rzelmi traum\u00e1k enyh\u00edt\u00e9s\u00e9re vagy az eg\u00e9szs\u00e9gtelen szok\u00e1sok elhagy\u00e1s\u00e1ra. Harmoniz\u00e1lja a sz\u00edvcsakr\u00e1t.<\/p>\n<p><a href=\"https:\/\/trimakasi.eu\/wp-content\/uploads\/2020\/07\/\u010dakra4.jpg\"><\/a><\/p>\n<p>Elem: <strong>Leveg\u0151, v\u00edz<\/strong><\/p>\n<p>Csillagjegyek: <strong>Ikrek, Bak, Halak, Skorpi\u00f3, V\u00edz\u00f6nt\u0151<\/strong><\/p>\n<p>Ez a kark\u00f6t\u0151 harmoniz\u00e1lja a sz\u00edvcsakr\u00e1t, a harmadik szem csakr\u00e1t \u00e9s a koronacsakr\u00e1t.<\/p>\n<p><a href=\"https:\/\/trimakasi.eu\/wp-content\/uploads\/2020\/07\/\u010dakra4.jpg\"><\/a><a href=\"https:\/\/trimakasi.eu\/wp-content\/uploads\/\u010dakra6.jpg\"><\/a><a href=\"https:\/\/trimakasi.eu\/wp-content\/uploads\/crown-chakra.jpg\"><\/a><\/p>","protected":false},"excerpt":{"rendered":"<p>A fluoritot sz\u00ednei\u00e9rt csod\u00e1lj\u00e1k, amelyek a palackz\u00f6ldt\u0151l a m\u00e9lylil\u00e1ig terjednek. A \u201czsenik k\u00f6vek\u00e9nt\u201d ismert, \u00e9s \u00fagy tartj\u00e1k, hogy fokozza a koncentr\u00e1ci\u00f3t, a kreativit\u00e1st \u00e9s a tiszta gondolkod\u00e1st. \u00c9l\u00e9nk \u00e1rnyalataival \u00e9s egyedi energi\u00e1j\u00e1val a fluorit az egyik legn\u00e9pszer\u0171bb dr\u00e1gak\u0151, amely kiv\u00e1l\u00f3an illik azok sz\u00e1m\u00e1ra, akik \u00e9rt\u00e9kelik a sz\u00e9ps\u00e9get \u00e9s a szellemi er\u0151t is.<\/p>\n<p>V\u00e1lassz kark\u00f6t\u0151t a fluorit sz\u00edne, a kark\u00f6t\u0151 m\u00e9rete \u00e9s az utols\u00f3 gy\u00f6ngy sz\u00edne alapj\u00e1n.\u00a0<a href=\"https:\/\/trimakasi.eu\/hu\/hogyan-valasszuk-ki-a-karkoto-meretet\/\">A m\u00e9ret helyes meghat\u00e1roz\u00e1s\u00e1nak \u00fatmutat\u00f3ja itt tal\u00e1lhat\u00f3.<\/a><\/p>","protected":false},"featured_media":105275,"comment_status":"open","ping_status":"closed","template":"","meta":{"_acf_changed":false,"_themeisle_gutenberg_block_has_review":false},"product_brand":[],"product_cat":[1687,1064,554,1068,553],"product_tag":[],"class_list":["post-73331","product","type-product","status-publish","has-post-thumbnail","product_cat-elastic-bracelets","product_cat-mens-jewellery","product_cat-natural-gemstone-bracelets","product_cat-natural-gemstone-bracelets-for-men","product_cat-womens-jewellery","first","instock","featured","taxable","shipping-taxable","purchasable","product-type-variable","has-default-attributes"],"acf":[],"_links":{"self":[{"href":"https:\/\/trimakasi.eu\/hu\/wp-json\/wp\/v2\/product\/73331","targetHints":{"allow":["GET"]}}],"collection":[{"href":"https:\/\/trimakasi.eu\/hu\/wp-json\/wp\/v2\/product"}],"about":[{"href":"https:\/\/trimakasi.eu\/hu\/wp-json\/wp\/v2\/types\/product"}],"replies":[{"embeddable":true,"href":"https:\/\/trimakasi.eu\/hu\/wp-json\/wp\/v2\/comments?post=73331"}],"wp:featuredmedia":[{"embeddable":true,"href":"https:\/\/trimakasi.eu\/hu\/wp-json\/wp\/v2\/media\/105275"}],"wp:attachment":[{"href":"https:\/\/trimakasi.eu\/hu\/wp-json\/wp\/v2\/media?parent=73331"}],"wp:term":[{"taxonomy":"product_brand","embeddable":true,"href":"https:\/\/trimakasi.eu\/hu\/wp-json\/wp\/v2\/product_brand?post=73331"},{"taxonomy":"product_cat","embeddable":true,"href":"https:\/\/trimakasi.eu\/hu\/wp-json\/wp\/v2\/product_cat?post=73331"},{"taxonomy":"product_tag","embeddable":true,"href":"https:\/\/trimakasi.eu\/hu\/wp-json\/wp\/v2\/product_tag?post=73331"}],"curies":[{"name":"munkaf\u00fczet","href":"https:\/\/api.w.org\/{rel}","templated":true}]}}